{"id":849,"date":"2020-07-28T12:19:42","date_gmt":"2020-07-28T12:19:42","guid":{"rendered":"https:\/\/www.kategorimagazaciligi.org\/?page_id=849"},"modified":"2021-04-21T12:43:05","modified_gmt":"2021-04-21T12:43:05","slug":"konferans-2020","status":"publish","type":"page","link":"https:\/\/www.zincirmagazalar.org\/?page_id=849","title":{"rendered":"Konferans 2020"},"content":{"rendered":"\t\t<div data-elementor-type=\"wp-page\" data-elementor-id=\"849\" class=\"elementor elementor-849\">\n\t\t\t\t\t\t<section class=\"elementor-section elementor-top-section elementor-element elementor-element-8805d54 elementor-section-boxed elementor-section-height-default elementor-section-height-default\" data-id=\"8805d54\" data-element_type=\"section\">\n\t\t\t\t\t\t<div class=\"elementor-container elementor-column-gap-default\">\n\t\t\t\t\t<div class=\"elementor-column elementor-col-100 elementor-top-column elementor-element elementor-element-3c1f235\" data-id=\"3c1f235\" data-element_type=\"column\">\n\t\t\t<div class=\"elementor-widget-wrap elementor-element-populated\">\n\t\t\t\t\t\t<div class=\"elementor-element elementor-element-71b7490 elementor-widget elementor-widget-image\" data-id=\"71b7490\" data-element_type=\"widget\" data-widget_type=\"image.default\">\n\t\t\t\t<div class=\"elementor-widget-container\">\n\t\t\t\t\t\t\t\t\t\t\t\t\t\t\t<img fetchpriority=\"high\" decoding=\"async\" width=\"2363\" height=\"1005\" src=\"https:\/\/www.zincirmagazalar.org\/wp-content\/uploads\/2020\/10\/kmd-konferans-2020.jpg\" class=\"attachment-full size-full wp-image-906\" alt=\"\" srcset=\"https:\/\/www.zincirmagazalar.org\/wp-content\/uploads\/2020\/10\/kmd-konferans-2020.jpg 2363w, https:\/\/www.zincirmagazalar.org\/wp-content\/uploads\/2020\/10\/kmd-konferans-2020-300x128.jpg 300w, https:\/\/www.zincirmagazalar.org\/wp-content\/uploads\/2020\/10\/kmd-konferans-2020-1024x436.jpg 1024w, https:\/\/www.zincirmagazalar.org\/wp-content\/uploads\/2020\/10\/kmd-konferans-2020-768x327.jpg 768w, https:\/\/www.zincirmagazalar.org\/wp-content\/uploads\/2020\/10\/kmd-konferans-2020-1536x653.jpg 1536w, https:\/\/www.zincirmagazalar.org\/wp-content\/uploads\/2020\/10\/kmd-konferans-2020-2048x871.jpg 2048w, https:\/\/www.zincirmagazalar.org\/wp-content\/uploads\/2020\/10\/kmd-konferans-2020-696x296.jpg 696w, https:\/\/www.zincirmagazalar.org\/wp-content\/uploads\/2020\/10\/kmd-konferans-2020-1068x454.jpg 1068w, https:\/\/www.zincirmagazalar.org\/wp-content\/uploads\/2020\/10\/kmd-konferans-2020-988x420.jpg 988w\" sizes=\"(max-width: 2363px) 100vw, 2363px\" \/>\t\t\t\t\t\t\t\t\t\t\t\t\t\t\t<\/div>\n\t\t\t\t<\/div>\n\t\t\t\t<div class=\"elementor-element elementor-element-b0b78a0 elementor-widget elementor-widget-text-editor\" data-id=\"b0b78a0\" data-element_type=\"widget\" data-widget_type=\"text-editor.default\">\n\t\t\t\t<div class=\"elementor-widget-container\">\n\t\t\t\t\t\t\t\t\t<p><strong>7. Perakende Teknolojileri Konferans\u0131<\/strong><\/p><p>7. Perakende Teknolojileri Konferans\u0131, her y\u0131l oldu\u011fu gibi bu y\u0131l da perakende sekt\u00f6r\u00fcyle teknoloji \u00e7\u00f6z\u00fcm ortaklar\u0131m\u0131z\u0131 bir araya getirmeye, \u00f6rnek uygulamalar\u0131 sahnede beraber sunmalar\u0131na imk\u00e2n sa\u011flamaya ve g\u00fcncel geli\u015fmeleri en etkileyici i\u00e7erikle sekt\u00f6re ula\u015ft\u0131rmaya devam edecek.<\/p><p>Bu y\u0131l, i\u00e7inde bulundu\u011fumuz d\u00f6nem \u00e7er\u00e7evesinde konferans\u0131m\u0131z Eyl\u00fcl-Aral\u0131k aylar\u0131 aras\u0131nda 10 oturumluk webinar serisi \u015feklinde d\u00fczenlenecek.<\/p><p>Her hafta \u00c7ar\u015famba g\u00fcn\u00fc, farkl\u0131 bir konuda, perakende sekt\u00f6r\u00fcn\u00fcn teknoloji konu\u015ftu\u011fu bir i\u00e7erikle bulu\u015fmak \u00fczere\u2026<\/p><p><strong>Detayl\u0131 bilgi i\u00e7in:<\/strong><br \/><strong>Se\u00e7il Kam\u00e7\u0131:<\/strong>\u00a0<a class=\"ns-action\" href=\"mailto:skamci@zincirmagazalar.org\" data-click-action=\"common.go\" data-params=\"new_window&amp;url=%23compose%2Fmailto%3Dskamci%2540kategorimagazaciligi.org\"><u>skamci@zincirmagazalar.org<\/u><\/a><\/p><p><strong>Benek Gen\u00e7ero\u011flu:<\/strong>\u00a0<a class=\"ns-action\" href=\"mailto:bgenceroglu@zincirmagazalar.org\" data-click-action=\"common.go\" data-params=\"new_window&amp;url=%23compose%2Fmailto%3Dbgenceroglu%2540kategorimagazaciligi.org\"><u>bgenceroglu@<a class=\"ns-action\" href=\"mailto:skamci@kategorimagazaciligi.org\" data-click-action=\"common.go\" data-params=\"new_window&amp;url=%23compose%2Fmailto%3Dskamci%2540kategorimagazaciligi.org\">zincirmagazalar.org<\/a><\/u><\/a><\/p><p><strong>Ula\u015f \u00d6ner:<\/strong>\u00a0<a class=\"ns-action\" href=\"mailto:ulas@alkas.com.tr\" data-click-action=\"common.go\" data-params=\"new_window&amp;url=%23compose%2Fmailto%3Dulas%2540alkas.com.tr\"><u>ulas@alkas.com.tr<\/u><\/a>\u00a0\u00a0<\/p><h3><span style=\"color: #808080;\"><strong>7. Perakende Teknolojileri Konferans\u0131 Program\u0131<\/strong><\/span><\/h3><p><strong>7 EK\u0130M 2020 15:00\u00a0<br \/><\/strong><strong>YEN\u0130 NORMAL NE GET\u0130RECEK?<br \/><\/strong><strong>Moderat\u00f6r:<\/strong> Serhan T\u0131nastepe, Kategori Ma\u011fazac\u0131l\u0131\u011f\u0131 Derne\u011fi (KMD) Y\u00f6netim Kurulu Ba\u015fkan\u0131<br \/><strong>Panelistler: \u00a0<br \/>Alp \u00d6nder \u00d6zpamuk\u00e7u,<\/strong> T\u00fcrkiye Al\u0131\u015fveri\u015f Merkezleri ve Perakendeciler Federasyonu (TAMPF) Y\u00f6netim Kurulu Ba\u015fkan\u0131<br \/><strong>Galip Ayka\u00e7,<\/strong> G\u0131da Perakendecileri Derne\u011fi (GPD) Y\u00f6netim Kurulu Ba\u015fkan\u0131<br \/><strong>Prof. Dr. H\u00fcseyin Alta\u015f,<\/strong> Al\u0131\u015fveri\u015f Merkezleri ve Yat\u0131r\u0131mc\u0131lar\u0131 Derne\u011fi (AYD) Y\u00f6netim Kurulu Ba\u015fkan\u0131<br \/><strong>\u0130zzet Stamati,<\/strong> Tescilli Markalar Derne\u011fi (TMD) Ba\u015fkan\u0131<br \/><strong>Kaya Demirer,<\/strong> Turizm, Restoran Yat\u0131r\u0131mc\u0131lar\u0131 ve Gastronomi \u0130\u015fletmeleri Derne\u011fi (TURY\u0130D) Y\u00f6netim Kurulu Ba\u015fkan\u0131<\/p><p><strong>14 EK\u0130M 2020 15:00<br \/><\/strong><strong>D\u0130J\u0130TAL D\u00d6N\u00dc\u015e\u00dcMLE G\u00dc\u00c7LEND\u0130R\u0130LM\u0130\u015e \u0130NSAN KAYNAKLARI<br \/><\/strong><strong>Moderat\u00f6r: Ahmet Yan\u0131ko\u011flu<\/strong>, Caff\u00e8 Nero T\u00fcrkiye CEO<br \/><strong>Panelistler:<br \/><\/strong><strong>Haldun Pak,<\/strong> Rasyotek Y\u00f6netim Kurulu Ba\u015fkan\u0131<br \/><strong>Orhan Da\u011fl\u0131o\u011flugil,<\/strong> A101, CTO<br \/><strong>Handan Abdurrahmano\u011flu, <\/strong>Grundig T\u00fcrkiye Grup Y\u00f6neticisi<br \/><strong>\u00d6mer Tavilo\u011flu, <\/strong>Mudo, CEO<\/p><p><strong>21 EK\u0130M 2020 15:00\u00a0<br \/><\/strong><strong>PERAKENDEDE YEN\u0130 YAPILANMA NASIL OLACAK?<br \/><\/strong><strong>Moderat\u00f6r:<\/strong> Adnan Akan, PwC T\u00fcrkiye, Perakende ve T\u00fcketici \u00dcr\u00fcnleri Sekt\u00f6r\u00fc Lideri<br \/><strong>Panelistler: \u00a0<br \/>Umut \u00d6zkanca,<\/strong> d.ream, CEO<br \/><strong>Mete Yurdda\u015f,<\/strong> Watsons T\u00fcrkiye Genel M\u00fcd\u00fcr\u00fc<br \/><strong>Yenal G\u00f6ky\u0131ld\u0131r\u0131m,<\/strong> MediaMarktSaturn COO, MediaMarkt T\u00fcrkiye CEO<br \/><strong>Murat Gigin,<\/strong> Tekzen Ticaret ve Yat\u0131r\u0131m A.\u015e. Y\u00f6netim Kurulu Ba\u015fkan\u0131\u00a0<br \/><strong>Mehmet Ali Akarca<\/strong>, Ko\u00e7Sistem Genel M\u00fcd\u00fcr\u00fc ve Ko\u00e7Digital Y\u00f6netim Kurulu Ba\u015fkan Vekili<\/p><p><strong>4 KASIM 2020 15:00<\/strong><strong><br \/>OYUNUN KURALLARI DE\u011e\u0130\u015e\u0130YOR; OYUNDA MISIN? YOKSA SEY\u0130RC\u0130 M\u0130 KALACAKSIN?<\/strong><br \/><strong>Moderat\u00f6r:<\/strong> <strong>Serhan T\u0131nastepe,<\/strong> Kategori Ma\u011fazac\u0131l\u0131\u011f\u0131 Derne\u011fi (KMD) Y\u00f6netim Kurulu Ba\u015fkan<br \/><strong>Ali Sabanc\u0131,<\/strong> Esas Holding Y\u00f6netim Kurulu Ba\u015fkan\u0131<\/p><p><strong>11 KASIM 2020 15:00 <br \/><\/strong><strong>HER \u015eEY D\u0130J\u0130TALLE\u015e\u0130YOR, PEK\u0130 YA KURALLAR? <br \/><\/strong><strong>Moderat\u00f6r:<\/strong> C. Kerim Ni\u015fel, Ikea T\u00fcrkiye Y\u00f6netim Kurulu \u00dcyesi<br \/><strong>Panelistler: <br \/>Av. \u0130lay Y\u0131lmaz,<\/strong> Esin Avukatl\u0131k Ortakl\u0131\u011f\u0131, Ortak<br \/><strong>Dr. Tolga T\u00fcfek\u00e7i,<\/strong> \u0130leti Y\u00f6netim Sistemi A.\u015e. Genel M\u00fcd\u00fcr\u00fc<br \/><strong>Sedat K\u0131l\u0131\u00e7,<\/strong> Related Digital, CEO<br \/><strong>Bilal Gen\u00e7,<\/strong> CarrefourSa, Bilgi Sistemleri Genel M\u00fcd\u00fcr Yard\u0131mc\u0131s\u0131<br \/><strong>Cem Alpay,<\/strong> Tan\u0131, M\u00fc\u015fteri \u00c7\u00f6z\u00fcmleri ve Veri Y\u00f6netimi<\/p><p><strong>18 KASIM 2020 15:00 <br \/><\/strong><strong>YEN\u0130 NORMALDE OMNICHANNEL BA\u015eROLDE<br \/><\/strong><strong>Moderat\u00f6r: Yenal G\u00f6ky\u0131ld\u0131r\u0131m,<\/strong> MediaMarktSaturn COO, MediaMarkt T\u00fcrkiye CEO<br \/><strong>Panelistler: <br \/>Murat Demiro\u011flu,<\/strong> Nebim, Y\u00f6netim Kurulu \u00dcyesi<br \/><strong>Erkut Erdemir,<\/strong> POS A.\u015e. Yaz\u0131l\u0131m Hizmetleri M\u00fcd\u00fcr\u00fc<br \/><strong>Kutadgu Arslan,<\/strong> Logo, Perakende \u00c7\u00f6z\u00fcmleri Sat\u0131\u015f Direkt\u00f6r\u00fc<br \/><strong>Serra Y\u0131lmaz, <\/strong>Paynet CMO<strong>\u00a0<br \/><\/strong><strong>Eren \u00c7amurdan, <\/strong>Boyner, CEO<\/p><p><strong>25 KASIM 2020 15:00<br \/><\/strong><strong>E-T\u0130CARET NEREYE G\u0130D\u0130YOR? <br \/><\/strong><strong>Moderat\u00f6r: Mert Karaibrahimo\u011flu,<\/strong> Penti Giyim, CEO<br \/><strong>Panelistler: <br \/><\/strong><b>Bur\u00e7 Tan\u0131r<\/b>, Prisync, CEO<br \/><b>Dr. Mustafa Alt\u0131nda\u011f<\/b>, D&amp;R Genel M\u00fcd\u00fcr\u00fc\u00a0<br \/><b>Erdal \u00c7ak\u0131r,<\/b>\u00a0Microsoft T\u00fcrkiye Perakende \u00c7\u00f6z\u00fcmleri Lideri<br \/><b>Bora Al\u00e7\u0131<\/b>, Argus Growth Agency Kurucusu<br \/><b>Mutlu Erturan<\/b>, Hepsiburada, Ticari Grup Ba\u015fkan\u0131<\/p><p><strong>2 ARALIK 2020 15:00\u00a0<br \/><\/strong><strong>YEN\u0130 NES\u0130L MA\u011eAZACILIKTA DENEY\u0130M YA\u015eATMAK<br \/><\/strong><strong>Moderat\u00f6r:<\/strong> <strong>B\u00fclent G\u00fcrcan,<\/strong> Teknosa, CEO<br \/><strong>Panelistler: <br \/>Mustafa Demirhan B\u00fcy\u00fck\u00f6zc\u00fc,<\/strong> V-Count, CEO<br \/><strong>Dr. B\u00fclent Dal, <\/strong>Obase, Genel M\u00fcd\u00fcr\u00a0<br \/><strong>Handan Abdurrahmano\u011flu, <\/strong>Grundig, T\u00fcrkiye Grup Y\u00f6neticisi<br \/><strong>Koray Y\u0131ld\u0131z, <\/strong>Intel T\u00fcrkiye, Perakende Sat\u0131\u015f Direkt\u00f6r\u00fc<br \/><b>Serdar Ersoy<\/b>, DeFacto B\u00fcy\u00fcme ve Operasyondan Sorumlu Genel M\u00fcd\u00fcr Yard\u0131mc\u0131s\u0131\u00a0<\/p><p><strong>9 ARALIK 2020 15:00\u00a0<br \/><\/strong><strong>YEN\u0130 NES\u0130L PERAKENDEYE YEN\u0130 NES\u0130L \u00c7\u00d6Z\u00dcMLER? <br \/><\/strong><strong>Moderat\u00f6r:<\/strong> <strong>Mete Yurdda\u015f,<\/strong> Watsons T\u00fcrkiye Genel M\u00fcd\u00fcr\u00fc<br \/><strong>Panelistler: <br \/>Murat Karada\u011f,<\/strong> Ceva \u0130\u015f Geli\u015ftirme ve Sat\u0131\u015f Ba\u015fkan Yard\u0131mc\u0131s\u0131, Hindistan, Orta Do\u011fu ve Afrika<br \/><strong>Cihan Korucu, <\/strong>GS1 T\u00fcrkiye \u0130\u015f Geli\u015ftirme Direkt\u00f6r\u00fc<strong><br \/><\/strong><b>\u00d6nder O\u011fuzhan\u00a0<\/b>Teknosa Pazarlama ve Teknoloji Genel M\u00fcd\u00fcr Yard\u0131mc\u0131s\u0131<br \/><b>Esra Ba\u015fer,\u00a0<\/b>Ko\u00e7Sistem Segment Pazarlama ve Kurumsal \u0130leti\u015fim Direkt\u00f6r\u00fc<br \/><strong>Asl\u0131 Ulusoy,<\/strong> Yap\u0131 Kredi, \u00dcye \u0130\u015fYeri Pazarlama ve Ortakl\u0131k \u0130li\u015fkileri Y\u00f6netimi Direkt\u00f6r\u00fc<\/p><p><strong>16 ARALIK 2020 15:00\u00a0<br \/><\/strong><strong>\u0130\u015eLER\u0130M\u0130Z D\u0130J\u0130TALDE G\u00dcVENDE M\u0130?<br \/>Panelistler:<\/strong><br \/><strong>Av. Bilgesu Demirel,<\/strong> \u00d6zay Hukuk B\u00fcrosu<br \/><strong>Halil Erdo\u011fmu\u015f, <\/strong>ebebek, Genel M\u00fcd\u00fcr\u00a0<br \/><strong>U\u011fur Ta\u015fk\u0131n<\/strong>, Ko\u00e7ta\u015f, CIO<br \/><b>Ozan \u00d6ncel,\u00a0<\/b>Microsoft T\u00fcrkiye Pazarlama Grup Direkt\u00f6r\u00fc <br \/><strong>\u00dcmit \u015een, <\/strong>EY (TBC)<\/p><p><strong>* <em>Kategori Ma\u011fazac\u0131lar\u0131 Derne\u011fi webinar serisi i\u00e7eri\u011fi ve oturum tarihlerinde de\u011fi\u015fiklik yapma hakk\u0131n\u0131 sakl\u0131 tutar.<\/em> <\/strong><\/p>\t\t\t\t\t\t\t\t<\/div>\n\t\t\t\t<\/div>\n\t\t\t\t\t<\/div>\n\t\t<\/div>\n\t\t\t\t\t<\/div>\n\t\t<\/section>\n\t\t\t\t<section class=\"elementor-section elementor-top-section elementor-element elementor-element-e124ffc elementor-section-boxed elementor-section-height-default elementor-section-height-default\" data-id=\"e124ffc\" data-element_type=\"section\">\n\t\t\t\t\t\t<div class=\"elementor-container elementor-column-gap-default\">\n\t\t\t\t\t<div class=\"elementor-column elementor-col-100 elementor-top-column elementor-element elementor-element-16593ba\" data-id=\"16593ba\" data-element_type=\"column\">\n\t\t\t<div class=\"elementor-widget-wrap\">\n\t\t\t\t\t\t\t<\/div>\n\t\t<\/div>\n\t\t\t\t\t<\/div>\n\t\t<\/section>\n\t\t\t\t<\/div>\n\t\t","protected":false},"excerpt":{"rendered":"<p>7. Perakende Teknolojileri Konferans\u0131 7. Perakende Teknolojileri Konferans\u0131, her y\u0131l oldu\u011fu gibi bu y\u0131l da perakende sekt\u00f6r\u00fcyle teknoloji \u00e7\u00f6z\u00fcm ortaklar\u0131m\u0131z\u0131 bir araya getirmeye, \u00f6rnek uygulamalar\u0131 sahnede beraber sunmalar\u0131na imk\u00e2n sa\u011flamaya ve g\u00fcncel geli\u015fmeleri en etkileyici i\u00e7erikle sekt\u00f6re ula\u015ft\u0131rmaya devam edecek. Bu y\u0131l, i\u00e7inde bulundu\u011fumuz d\u00f6nem \u00e7er\u00e7evesinde konferans\u0131m\u0131z Eyl\u00fcl-Aral\u0131k aylar\u0131 aras\u0131nda 10 oturumluk webinar serisi \u015feklinde [&hellip;]<\/p>\n","protected":false},"author":1,"featured_media":906,"parent":0,"menu_order":0,"comment_status":"closed","ping_status":"closed","template":"","meta":{"footnotes":""},"class_list":["post-849","page","type-page","status-publish","has-post-thumbnail"],"_links":{"self":[{"href":"https:\/\/www.zincirmagazalar.org\/index.php?rest_route=\/wp\/v2\/pages\/849","targetHints":{"allow":["GET"]}}],"collection":[{"href":"https:\/\/www.zincirmagazalar.org\/index.php?rest_route=\/wp\/v2\/pages"}],"about":[{"href":"https:\/\/www.zincirmagazalar.org\/index.php?rest_route=\/wp\/v2\/types\/page"}],"author":[{"embeddable":true,"href":"https:\/\/www.zincirmagazalar.org\/index.php?rest_route=\/wp\/v2\/users\/1"}],"replies":[{"embeddable":true,"href":"https:\/\/www.zincirmagazalar.org\/index.php?rest_route=%2Fwp%2Fv2%2Fcomments&post=849"}],"version-history":[{"count":42,"href":"https:\/\/www.zincirmagazalar.org\/index.php?rest_route=\/wp\/v2\/pages\/849\/revisions"}],"predecessor-version":[{"id":1372,"href":"https:\/\/www.zincirmagazalar.org\/index.php?rest_route=\/wp\/v2\/pages\/849\/revisions\/1372"}],"wp:featuredmedia":[{"embeddable":true,"href":"https:\/\/www.zincirmagazalar.org\/index.php?rest_route=\/wp\/v2\/media\/906"}],"wp:attachment":[{"href":"https:\/\/www.zincirmagazalar.org\/index.php?rest_route=%2Fwp%2Fv2%2Fmedia&parent=849"}],"curies":[{"name":"wp","href":"https:\/\/api.w.org\/{rel}","templated":true}]}}