{"id":276,"date":"2019-09-17T09:10:56","date_gmt":"2019-09-17T09:10:56","guid":{"rendered":"https:\/\/new.kategorimagazaciligi.org\/?page_id=276"},"modified":"2021-04-21T12:48:53","modified_gmt":"2021-04-21T12:48:53","slug":"pevaroc","status":"publish","type":"page","link":"https:\/\/www.zincirmagazalar.org\/?page_id=276","title":{"rendered":"PERAVOC"},"content":{"rendered":"\t\t<div data-elementor-type=\"wp-page\" data-elementor-id=\"276\" class=\"elementor elementor-276\">\n\t\t\t\t\t\t<section class=\"elementor-section elementor-top-section elementor-element elementor-element-87bda9c elementor-section-boxed elementor-section-height-default elementor-section-height-default\" data-id=\"87bda9c\" data-element_type=\"section\">\n\t\t\t\t\t\t<div class=\"elementor-container elementor-column-gap-default\">\n\t\t\t\t\t<div class=\"elementor-column elementor-col-100 elementor-top-column elementor-element elementor-element-fe76a72\" data-id=\"fe76a72\" data-element_type=\"column\">\n\t\t\t<div class=\"elementor-widget-wrap elementor-element-populated\">\n\t\t\t\t\t\t<div class=\"elementor-element elementor-element-0d975ae elementor-widget elementor-widget-text-editor\" data-id=\"0d975ae\" data-element_type=\"widget\" data-widget_type=\"text-editor.default\">\n\t\t\t\t<div class=\"elementor-widget-container\">\n\t\t\t\t\t\t\t\t\t<p class=\"p1\"><b><img fetchpriority=\"high\" decoding=\"async\" class=\"alignnone wp-image-277 size-full\" src=\"https:\/\/new.kategorimagazaciligi.org\/wp-content\/uploads\/2019\/09\/peravoc-proje.jpg\" alt=\"\" width=\"1280\" height=\"720\" srcset=\"https:\/\/www.zincirmagazalar.org\/wp-content\/uploads\/2019\/09\/peravoc-proje.jpg 1280w, https:\/\/www.zincirmagazalar.org\/wp-content\/uploads\/2019\/09\/peravoc-proje-300x169.jpg 300w, https:\/\/www.zincirmagazalar.org\/wp-content\/uploads\/2019\/09\/peravoc-proje-768x432.jpg 768w, https:\/\/www.zincirmagazalar.org\/wp-content\/uploads\/2019\/09\/peravoc-proje-1024x576.jpg 1024w, https:\/\/www.zincirmagazalar.org\/wp-content\/uploads\/2019\/09\/peravoc-proje-696x392.jpg 696w, https:\/\/www.zincirmagazalar.org\/wp-content\/uploads\/2019\/09\/peravoc-proje-1068x601.jpg 1068w, https:\/\/www.zincirmagazalar.org\/wp-content\/uploads\/2019\/09\/peravoc-proje-747x420.jpg 747w\" sizes=\"(max-width: 1280px) 100vw, 1280px\" \/><\/b><\/p><p class=\"p1\"><strong>PERAVOC<br \/>Perakendenin \u201cMesleki Belgelendirme Merkezi\u201d<\/strong><\/p><p class=\"p1\"><b>\u0130stanbul Kalk\u0131nma Ajans\u0131 (\u0130STKA) deste\u011fiyle G\u0131da Perakendecileri Derne\u011fi (GPD) taraf\u0131ndan hayata ge\u00e7irilen PERAVOC Perakendede Mesleki Yeterlilik Belgelendirme Merkezi, sekt\u00f6r\u00fcn gelece\u011fi i\u00e7in \u00f6nemli bir yat\u0131r\u0131m. \u0130stanbul Kalk\u0131nma Ajans\u0131\u2019n\u0131n ve GPD E\u011fitim-\u0130stihdam Komitesi\u2019nin yak\u0131ndan takip etti\u011fi PERAVOC \u00e7al\u0131\u015fmalar\u0131, h\u0131zl\u0131 bir \u015fekilde devam ediyor.<\/b><\/p><p class=\"p1\">Modern perakende sekt\u00f6r\u00fcndeki firmalar\u0131n Bilgi Teknolojileri alan\u0131nda insan kayna\u011f\u0131 kapasitelerinin geli\u015ftirilmesi ve uluslararas\u0131 standartlarda mesleki yeterliliklerinin belgelendirilmesi i\u00e7in yenilik\u00e7i bulut bili\u015fim altyap\u0131s\u0131na sahip \u201cPERAVOC Perakende Yeterlilik Geli\u015ftirme ve Belgelendirme Merkezi Projesi\u201d hayata ge\u00e7iriliyor.<\/p><p class=\"p1\">21. y\u00fczy\u0131lda h\u0131zla geli\u015fen Bilgi Teknolojileri (BT), global ya\u015fam tarz\u0131n\u0131 benimsemeyi zorunlu k\u0131l\u0131yor. Web teknolojilerinin geli\u015fmesi ile internet, sanal bir al\u0131\u015fveri\u015f ortam\u0131na d\u00f6n\u00fc\u015ft\u00fc. Art\u0131k insanlar yorulmadan, birka\u00e7 t\u0131kla al\u0131\u015fveri\u015f yapabiliyor. Bu nedenle internet \u00fczerinden sat\u0131\u015fa imkan veren e-ticaret siteleri, perakende sekt\u00f6r\u00fcnde de h\u0131zla geli\u015fiyor. Teknolojik geli\u015fmelerin \u0131\u015f\u0131\u011f\u0131nda Bili\u015fim Teknolojileri alan\u0131ndaki istihdam kapasitesi h\u0131zla art\u0131yor.<\/p><p class=\"p1\">Yeni d\u00fcnya ekonomisinde \u00e7al\u0131\u015fanlar\u0131n Bilgi Teknolojileri alan\u0131nda talep edilen mesleki becerilere sahip olabilmeleri i\u00e7in; bilgi i\u00e7eri\u011fini birle\u015ftirebildi\u011fini, sentezleyebildi\u011fini ve yarat\u0131c\u0131 bir \u015fekilde uygulayabildi\u011fini belgelendirmesi gerekiyor. G\u00fcn\u00fcm\u00fcz\u00fcn h\u0131zla de\u011fi\u015fen bili\u015fim sekt\u00f6r\u00fcnde bireylerin kendine bir kariyer sa\u011flayabilmesi i\u00e7in bilgi, beceri ve deneyimlerini belgelemeleri isteniyor. Tan\u0131m\u0131 belirlenmi\u015f bir bilgi ve beceri d\u00fczeyi i\u00e7in gerekli birikimi \u00f6l\u00e7\u00fcp de\u011ferlendirme, ulusal ya da uluslararas\u0131 ge\u00e7erlili\u011fi olan sertifikalar ile belgeleniyor. Bili\u015fim Teknolojilerine yap\u0131lan yo\u011fun yat\u0131r\u0131mlar nedeniyle \u015firketlerde, bu yat\u0131r\u0131mlar\u0131n\u0131 tecr\u00fcbeye ve sertifikaya sahip Bili\u015fim Teknolojileri profesyonellerine emanet etme arzusu g\u00fcn ge\u00e7tik\u00e7e daha da artan bir ihtiyaca d\u00f6n\u00fc\u015f\u00fcyor.<\/p><p class=\"p1\">\u0130stanbul Kalk\u0131nma Ajans\u0131 taraf\u0131ndan hibe deste\u011fi almaya hak kazanan ve G\u0131da Perakendecileri Derne\u011fi, \u0130stanbul Valili\u011fi ve Marmara \u00dcniversitesi M\u00fchendislik Fak\u00fcltesi ortakl\u0131\u011f\u0131yla Kategori Ma\u011fazac\u0131l\u0131\u011f\u0131 Derne\u011fi taraf\u0131ndan y\u00fcr\u00fct\u00fclecek PERAVOC \u2013 Perakende Yeterlilik Geli\u015ftirme ve Belgelendirme Merkezi Projesi, \u0130stanbul\u2019da yakla\u015f\u0131k 350 bin ki\u015finin istihdam edildi\u011fi modern perakende sekt\u00f6r\u00fcndeki firmalar\u0131n Bilgi Teknolojileri alan\u0131nda insan kayna\u011f\u0131 kapasitelerinin geli\u015ftirilmesi ve uluslararas\u0131 standartlarda mesleki yeterliliklerinin belgelendirilmesi i\u00e7in yenilik\u00e7i bulut bili\u015fim altyap\u0131s\u0131na sahip \u201cSabit ve Gezici VOC Test Merkezi\u201dnin kurulmas\u0131 amac\u0131yla haz\u0131rland\u0131. Proje ile Bilgi Teknolojileri alanlar\u0131nda s\u0131nav yap\u0131lmas\u0131 ve mesleki yeterliliklerin belgelendirilmesi sa\u011flanacak. Bu VOC Test Merkezi ile birlikte olu\u015fturulacak \u201cPerakende Kariyer Platformu\u201d, \u0130stanbul\u2019da yenilik\u00e7i \u00e7al\u0131\u015fmalar y\u00fcr\u00fcten organize perakende sekt\u00f6r\u00fcnde Bilgi Teknolojileri personeli istihdam eden firmalar\u0131n \u00f6zellikle Bilgi Teknolojileri alan\u0131nda mesleki yeterlilik belgesine sahip insan kayna\u011f\u0131na eri\u015fim kapasitelerinin art\u0131r\u0131lmas\u0131n\u0131 ama\u00e7l\u0131yor. Bunlar\u0131n yan\u0131nda y\u00fcksek katma de\u011fer yaratan ve 7\/24 hizmet sunulmas\u0131n\u0131 sa\u011flayan Bilgi Teknolojileri s\u00fcre\u00e7 ve pazarlama yenilik faaliyetlerinin, organize perakende sekt\u00f6r\u00fcnde yayg\u0131nla\u015fmas\u0131 sa\u011flanarak ticari anlamda b\u00f6lge ve \u00fclke i\u00e7in ekonomik de\u011fer yarat\u0131lmas\u0131 hedefleniyor.<\/p><p class=\"p1\"><b>MODERN PERAKENDEYE \u00d6ZEL TEST VE BELGELEND\u0130RME MERKEZ\u0130<br \/><\/b>Yetkilendirilmi\u015f Belgelendirme Kurulu\u015flar\u0131 (VOC Test Merkezi); Ulusal Yeterliliklere g\u00f6re s\u0131nav ve belgelendirme faaliyetlerini y\u00fcr\u00fcten, T\u00dcRKAK taraf\u0131ndan ya da Avrupa Akreditasyon Birli\u011fi b\u00fcnyesinde \u00e7ok tarafl\u0131 tan\u0131ma anla\u015fmas\u0131 imzalam\u0131\u015f ba\u015fka akreditasyon kurumlar\u0131nca ilgili yeterliliklerde TS EN ISO\/IEC 17024 standard\u0131na g\u00f6re akredite edilmi\u015f, Mesleki Yeterlilik Kurumu (MYK) taraf\u0131ndan yap\u0131lan inceleme, denetim ve de\u011ferlendirme sonucunda gerekli \u015fartlar\u0131 sa\u011flad\u0131\u011f\u0131 tespit edilen personel belgelendirme kurulu\u015flar\u0131. Son y\u0131llarda T\u00fcrkiye genelinde MYK taraf\u0131ndan yetkilendirilmi\u015f 42 adet VOC Test Merkezi bulunmas\u0131na kar\u015f\u0131n, perakende sekt\u00f6r\u00fcnde \u00e7al\u0131\u015fan BT Sat\u0131\u015f Eleman\u0131, BT Sat\u0131\u015f Sorumlusu ve BT \u00c7\u00f6z\u00fcmleri Uzman\u0131 Mesleki Yeterlilikleri i\u00e7in hen\u00fcz T\u00fcrkiye\u2019de s\u0131nav yap\u0131lam\u0131yor. PERAVOC Projesi sonucunda perakende sekt\u00f6r\u00fcnde \u00e7al\u0131\u015fan BT personeli mesleki yeterlilik s\u0131navlar\u0131 yap\u0131larak, ba\u015far\u0131l\u0131 olan bireyler i\u00e7in s\u00f6z konusu ulusal yeterliliklerde belirtilen \u00f6\u011frenme kazan\u0131mlar\u0131na sahip oldu\u011funu g\u00f6steren mesleki yeterlilik belgeleri d\u00fczenlenebilmesi hedefleniyor.<\/p><p class=\"p1\">Bulut bili\u015fim altyap\u0131s\u0131na sahip Gezici VOC Test Merkezi, mesleki yeterlilik, s\u0131nav ve belgelendirmede g\u00fcvenirlik, ge\u00e7erlik ve kullan\u0131\u015fl\u0131l\u0131k a\u00e7\u0131lar\u0131ndan, bir arada d\u00fc\u015f\u00fcn\u00fcld\u00fc\u011f\u00fcnde T\u00fcrkiye\u2019de yayg\u0131n olmayan yenilik\u00e7i bir y\u00f6ntem. Farkl\u0131 kurum\/kurulu\u015flarca \u00f6zellikle farkl\u0131 b\u00f6lgelerde ve farkl\u0131 zaman dilimlerinde y\u00fcr\u00fct\u00fclecek s\u0131nav s\u00fcre\u00e7lerinde soru zenginli\u011fi, sorular\u0131n kalitesi, testin homojenli\u011fi, s\u0131nav sonras\u0131 de\u011fer bi\u00e7meye y\u00f6nelik de\u011ferlendirmenin g\u00fcvenirli\u011fi ve mesleki yeterlilikleri \u00f6l\u00e7me ge\u00e7erlili\u011fi (\u00f6zellikle performansa dayal\u0131 s\u0131navlarda puanlama nesnelli\u011fi) a\u00e7\u0131lar\u0131ndan \u00f6nerilen bulut bili\u015fim altyap\u0131s\u0131na sahip Sabit ve Gezici VOC Test Merkezi uygulamas\u0131, teknolojik a\u00e7\u0131dan son derece yenilik\u00e7i olacak.<\/p><p class=\"p1\"><b>\u00c7ALI\u015eAN \u0130\u00c7\u0130N ULUSLARARASI GE\u00c7ERL\u0130 SERT\u0130F\u0130KA, \u0130\u015eVEREN \u0130\u00c7\u0130N SGK TE\u015eV\u0130KLER\u0130<br \/><\/b>PERAVOC Projesi sonucunda, perakende sekt\u00f6r\u00fcnde \u00e7al\u0131\u015fan BT Sat\u0131\u015f Eleman\u0131, BT Sat\u0131\u015f Sorumlusu ve BT \u00c7\u00f6z\u00fcmleri Uzman\u0131 mesleki yeterlilik s\u0131navlar\u0131 yap\u0131larak, ba\u015far\u0131l\u0131 olan bireyler i\u00e7in s\u00f6z konusu ulusal yeterliliklerde belirtilen \u00f6\u011frenme kazan\u0131mlar\u0131na (bilgi, beceri ve yetkinlik) sahip oldu\u011funu g\u00f6steren mesleki yeterlilik belgeleri d\u00fczenlenebilecek. Projenin \u00f6zel sekt\u00f6r i\u00e7in en \u00f6nemli faydas\u0131 ise; mesleki yeterlilik sertifikal\u0131 elemanlar\u0131n istihdam edilmesi halinde 12-48 ay s\u00fcrelerde Sosyal G\u00fcvenlik Kurumu (SGK) te\u015fviklerinden yararlan\u0131lmas\u0131 olacak.<\/p><p class=\"p1\">Proje \u00e7er\u00e7evesinde, Bilgi Teknolojileri alan\u0131nda mesleki yeterlilik sertifikas\u0131 alan ki\u015filerin i\u015f imkanlar\u0131na ula\u015fmas\u0131n\u0131 sa\u011flayacak bir Perakende Kariyer Platformu da olu\u015fturulacak. \u00dcniversite ve \u00f6zel sekt\u00f6r i\u015fbirli\u011finde Perakende Kariyer G\u00fcnleri etkinlikleri d\u00fczenlenecek. Meslek se\u00e7iminde \u00e7ok faydal\u0131 olacak \u201cMentoring\u201d denilen \u201cRehberlik\u201d hizmetleri organize edilecek.<\/p><p class=\"p1\">Hem mesleki yeterlili\u011fi belgelenmi\u015f hem de te\u015fviklerden yararlanabilece\u011fi personel istihdam\u0131 konusunda perakende sekt\u00f6r\u00fcndeki firmalara mesleki yeterlilik fark\u0131ndal\u0131k seminerleri organize edilecek. Bu kapsamda perakende sekt\u00f6r\u00fcnde mesleki yeterlilikleri belgelenmi\u015f eleman istihdam\u0131 odakl\u0131 s\u00fcrd\u00fcr\u00fclebilir yenilik\u00e7i bir sistem kurulacak. Merkezin faaliyete ge\u00e7mesiyle \u00f6ncelikle BT alan\u0131nda mesleki yeterlilik belgesine sahip insan kayna\u011f\u0131na eri\u015fim kapasitesi artacak, b\u00f6ylece mesleki yeterlilik belgesine sahip ki\u015fileri istihdam eden kurulu\u015flar, sa\u011flanan te\u015fviklerden yararlanabilecek.<\/p>\t\t\t\t\t\t\t\t<\/div>\n\t\t\t\t<\/div>\n\t\t\t\t\t<\/div>\n\t\t<\/div>\n\t\t\t\t\t<\/div>\n\t\t<\/section>\n\t\t\t\t<\/div>\n\t\t","protected":false},"excerpt":{"rendered":"<p>PERAVOCPerakendenin \u201cMesleki Belgelendirme Merkezi\u201d \u0130stanbul Kalk\u0131nma Ajans\u0131 (\u0130STKA) deste\u011fiyle G\u0131da Perakendecileri Derne\u011fi (GPD) taraf\u0131ndan hayata ge\u00e7irilen PERAVOC Perakendede Mesleki Yeterlilik Belgelendirme Merkezi, sekt\u00f6r\u00fcn gelece\u011fi i\u00e7in \u00f6nemli bir yat\u0131r\u0131m. \u0130stanbul Kalk\u0131nma Ajans\u0131\u2019n\u0131n ve GPD E\u011fitim-\u0130stihdam Komitesi\u2019nin yak\u0131ndan takip etti\u011fi PERAVOC \u00e7al\u0131\u015fmalar\u0131, h\u0131zl\u0131 bir \u015fekilde devam ediyor. Modern perakende sekt\u00f6r\u00fcndeki firmalar\u0131n Bilgi Teknolojileri alan\u0131nda insan kayna\u011f\u0131 kapasitelerinin [&hellip;]<\/p>\n","protected":false},"author":1,"featured_media":277,"parent":0,"menu_order":0,"comment_status":"closed","ping_status":"closed","template":"","meta":{"footnotes":""},"class_list":["post-276","page","type-page","status-publish","has-post-thumbnail"],"_links":{"self":[{"href":"https:\/\/www.zincirmagazalar.org\/index.php?rest_route=\/wp\/v2\/pages\/276","targetHints":{"allow":["GET"]}}],"collection":[{"href":"https:\/\/www.zincirmagazalar.org\/index.php?rest_route=\/wp\/v2\/pages"}],"about":[{"href":"https:\/\/www.zincirmagazalar.org\/index.php?rest_route=\/wp\/v2\/types\/page"}],"author":[{"embeddable":true,"href":"https:\/\/www.zincirmagazalar.org\/index.php?rest_route=\/wp\/v2\/users\/1"}],"replies":[{"embeddable":true,"href":"https:\/\/www.zincirmagazalar.org\/index.php?rest_route=%2Fwp%2Fv2%2Fcomments&post=276"}],"version-history":[{"count":7,"href":"https:\/\/www.zincirmagazalar.org\/index.php?rest_route=\/wp\/v2\/pages\/276\/revisions"}],"predecessor-version":[{"id":1384,"href":"https:\/\/www.zincirmagazalar.org\/index.php?rest_route=\/wp\/v2\/pages\/276\/revisions\/1384"}],"wp:featuredmedia":[{"embeddable":true,"href":"https:\/\/www.zincirmagazalar.org\/index.php?rest_route=\/wp\/v2\/media\/277"}],"wp:attachment":[{"href":"https:\/\/www.zincirmagazalar.org\/index.php?rest_route=%2Fwp%2Fv2%2Fmedia&parent=276"}],"curies":[{"name":"wp","href":"https:\/\/api.w.org\/{rel}","templated":true}]}}