{"id":264,"date":"2019-09-17T09:06:34","date_gmt":"2019-09-17T09:06:34","guid":{"rendered":"https:\/\/new.kategorimagazaciligi.org\/?page_id=264"},"modified":"2019-09-17T09:07:14","modified_gmt":"2019-09-17T09:07:14","slug":"erasmus-plus","status":"publish","type":"page","link":"https:\/\/www.zincirmagazalar.org\/?page_id=264","title":{"rendered":"Erasmus Plus"},"content":{"rendered":"\t\t<div data-elementor-type=\"wp-page\" data-elementor-id=\"264\" class=\"elementor elementor-264\">\n\t\t\t\t\t\t<section class=\"elementor-section elementor-top-section elementor-element elementor-element-87bda9c elementor-section-boxed elementor-section-height-default elementor-section-height-default\" data-id=\"87bda9c\" data-element_type=\"section\">\n\t\t\t\t\t\t<div class=\"elementor-container elementor-column-gap-default\">\n\t\t\t\t\t<div class=\"elementor-column elementor-col-100 elementor-top-column elementor-element elementor-element-fe76a72\" data-id=\"fe76a72\" data-element_type=\"column\">\n\t\t\t<div class=\"elementor-widget-wrap elementor-element-populated\">\n\t\t\t\t\t\t<div class=\"elementor-element elementor-element-0d975ae elementor-widget elementor-widget-text-editor\" data-id=\"0d975ae\" data-element_type=\"widget\" data-widget_type=\"text-editor.default\">\n\t\t\t\t<div class=\"elementor-widget-container\">\n\t\t\t\t\t\t\t\t\t<p class=\"p1\"><b><img fetchpriority=\"high\" decoding=\"async\" class=\"alignnone wp-image-265 size-full\" src=\"https:\/\/new.kategorimagazaciligi.org\/wp-content\/uploads\/2019\/09\/erasmus-plus.jpg\" alt=\"\" width=\"1560\" height=\"1041\" srcset=\"https:\/\/www.zincirmagazalar.org\/wp-content\/uploads\/2019\/09\/erasmus-plus.jpg 1560w, https:\/\/www.zincirmagazalar.org\/wp-content\/uploads\/2019\/09\/erasmus-plus-300x200.jpg 300w, https:\/\/www.zincirmagazalar.org\/wp-content\/uploads\/2019\/09\/erasmus-plus-768x512.jpg 768w, https:\/\/www.zincirmagazalar.org\/wp-content\/uploads\/2019\/09\/erasmus-plus-1024x683.jpg 1024w, https:\/\/www.zincirmagazalar.org\/wp-content\/uploads\/2019\/09\/erasmus-plus-696x464.jpg 696w, https:\/\/www.zincirmagazalar.org\/wp-content\/uploads\/2019\/09\/erasmus-plus-1068x713.jpg 1068w, https:\/\/www.zincirmagazalar.org\/wp-content\/uploads\/2019\/09\/erasmus-plus-629x420.jpg 629w\" sizes=\"(max-width: 1560px) 100vw, 1560px\" \/><\/b><\/p><p class=\"p1\"><strong>Erasmus Plus AB Projesi<\/strong><\/p><p class=\"p1\">G\u0131da Perakendecileri Derne\u011fi\u00a0taraf\u0131ndan koordine edilen ve Kategori Ma\u011fazac\u0131l\u0131\u011f\u0131 Derne\u011fi\u2019nin deste\u011fiyle y\u00fcr\u00fcyen\u00a0\u201cPerakendecilik Alan\u0131nda Yetkinliklerin Geli\u015ftirilmesi- Enhancement of Skills in Retail\u201d Projesi, 2014 y\u0131l\u0131 Eyl\u00fcl ay\u0131nda\u00a0Avrupa Birli\u011fi Erasmus+ Stratejik Ortakl\u0131k Hibe Program\u0131nda Ulusal Ajans taraf\u0131ndan ba\u015far\u0131l\u0131 olarak kabul edildi ve projenin y\u00fcr\u00fct\u00fclmesi i\u00e7in fon tahsis edildi.<\/p><p class=\"p1\">2016 y\u0131l\u0131 A\u011fustos ay\u0131nda tamamlanan proje \u00e7er\u00e7evesinde, T\u00fcrk perakende sekt\u00f6r\u00fcn\u00fcn ihtiya\u00e7 duydu\u011fu temel perakende e\u011fitimi online olarak verilebilir hale geldi ve b\u00f6ylece e\u011fitimlerin yayg\u0131nl\u0131\u011f\u0131 artt\u0131. Proje sayesinde, perakende sekt\u00f6r\u00fcnde temel e\u011fitimin daha yenilik\u00e7i, mesleki standartlara uygun olarak d\u00fczenlenmi\u015f, kolayca g\u00fcncellenebilen, interaktif ve istihdam imkan\u0131 sa\u011flayan hale gelmesi sa\u011flad\u0131.<\/p><p class=\"p1\">\u201cPerakendecilik Alan\u0131nda Yetkinliklerin Geli\u015ftirilmesi- Enhancement of Skills in Retail\u201d\u00a0her biri alan\u0131n\u0131n \u00f6nde gelen kurumlar\u0131ndan olan 15 ortaktan olu\u015fmu\u015f bir proje.<\/p><p class=\"p1\">T\u00fcrk perakende sekt\u00f6r\u00fcn\u00fcn \u00f6nde gelen firmalar\u0131ndan GPD \u00fcyesi\u00a0METRO, M\u0130GROS, \u015eAYPA, \u015eOK\u00a0ve\u00a0UYUM; KMD \u00fcyesi\u00a0B\u0130MEKS, MEDIA-SATURN\u00a0ve\u00a0WATSONS,\u00a0projenin perakendeci ortaklar\u0131n\u0131 olu\u015fturuyor. Projenin T\u00fcrk ortaklar\u0131 aras\u0131nda ayr\u0131ca, mesleki e\u011fitim ve ya\u015fam boyu e\u011fitim kurumlar\u0131 olarak\u00a0Bo\u011fazi\u00e7i \u00dcniversitesi ve M. Ali B\u00fcy\u00fckhanl\u0131 Mesleki ve Teknik Anadolu Lisesi\u00a0yer al\u0131yor. Projenin uluslararas\u0131 boyutunu ise Avrupal\u0131 ortaklar\u0131m\u0131z meydana getiriyor. Almanya\u2019n\u0131n en b\u00fcy\u00fck mesleki e\u011fitim okullar\u0131ndan\u00a0Berusfkolleg an der Lindenstra\u03b2e\u00a0(BKAL), Portekiz\u2019in ticaret ve hizmet sekt\u00f6r\u00fc alanlar\u0131nda e\u011fitim veren k\u00f6kl\u00fc mesleki e\u011fitim merkezi\u00a0Centro de Forma\u00e7\u00e3o Profissional para o Com\u00e9rcio e Afins\u00a0(CECOA)\u00a0ve Finlandiya\u2019n\u0131n en eski ve tan\u0131nm\u0131\u015f ticaret okullar\u0131ndan biri olma \u00f6zelli\u011fine sahip\u00a0Mercuria Kauppiaitten Kauppaoppilaitos\u00a0ile birlikte projemiz, deneyimli ve konusunda uzman ortaklarla birlikte s\u00fcrd\u00fcr\u00fcl\u00fcyor.<\/p><p class=\"p1\">Hem e\u011fitim hem de perakende sekt\u00f6r\u00fcn\u00fcn \u00f6nemli isimlerinin bir araya gelmesiyle y\u00fcr\u00fct\u00fclen projenin temel amac\u0131, s\u00fcrd\u00fcr\u00fclebilir, kolayca kullan\u0131labilir ve yayg\u0131nla\u015ft\u0131r\u0131labilir bir uzaktan mesleki e\u011fitim platformu ortaya \u00e7\u0131karmak. Bu platforma yerle\u015ftirilecek e\u011fitim, hayat boyu e\u011fitim imk\u00e2n\u0131 sa\u011flayarak sekt\u00f6rdeki \u00e7al\u0131\u015fanlar\u0131n ya\u015f aral\u0131\u011f\u0131n\u0131n geni\u015flemesine de katk\u0131da bulunuyor. Ayr\u0131ca, perakende alan\u0131n\u0131n, gen\u00e7ler taraf\u0131ndan meslek olarak se\u00e7ilmesini motive etmesi, sekt\u00f6r genelinde kar\u015f\u0131la\u015f\u0131lan temel e\u011fitim sorunlar\u0131na odaklanmas\u0131 ve perakendecilik e\u011fitiminin standardize edilmesi gibi \u00f6nemli misyonlar\u0131 da mevcut. Projenin tamamlanmas\u0131yla ortaya \u00e7\u0131kacak online e\u011fitim, hem Avrupa Birli\u011fi ve T\u00fcrkiye Mesleki Yeterlilik kriterlerine uygunluk g\u00f6steriyor olmas\u0131, hem de do\u011frudan meslek edindirme amac\u0131 g\u00fctmesi bak\u0131m\u0131ndan \u00e7al\u0131\u015fmalar\u0131n ana merkezini olu\u015fturuyor.<\/p><p class=\"p1\">Projenin detaylar\u0131 ve \u00fccretsiz perakende e\u011fitimi i\u00e7in\u00a0<a href=\"http:\/\/www.e-learnretail.org\/\">www.e-learnretail.org<\/a>\u00a0adresini ziyaret edebilirsiniz.<\/p>\t\t\t\t\t\t\t\t<\/div>\n\t\t\t\t<\/div>\n\t\t\t\t\t<\/div>\n\t\t<\/div>\n\t\t\t\t\t<\/div>\n\t\t<\/section>\n\t\t\t\t<\/div>\n\t\t","protected":false},"excerpt":{"rendered":"<p>Erasmus Plus AB Projesi G\u0131da Perakendecileri Derne\u011fi\u00a0taraf\u0131ndan koordine edilen ve Kategori Ma\u011fazac\u0131l\u0131\u011f\u0131 Derne\u011fi\u2019nin deste\u011fiyle y\u00fcr\u00fcyen\u00a0\u201cPerakendecilik Alan\u0131nda Yetkinliklerin Geli\u015ftirilmesi- Enhancement of Skills in Retail\u201d Projesi, 2014 y\u0131l\u0131 Eyl\u00fcl ay\u0131nda\u00a0Avrupa Birli\u011fi Erasmus+ Stratejik Ortakl\u0131k Hibe Program\u0131nda Ulusal Ajans taraf\u0131ndan ba\u015far\u0131l\u0131 olarak kabul edildi ve projenin y\u00fcr\u00fct\u00fclmesi i\u00e7in fon tahsis edildi. 2016 y\u0131l\u0131 A\u011fustos ay\u0131nda tamamlanan proje \u00e7er\u00e7evesinde, [&hellip;]<\/p>\n","protected":false},"author":1,"featured_media":265,"parent":0,"menu_order":0,"comment_status":"closed","ping_status":"closed","template":"","meta":{"footnotes":""},"class_list":["post-264","page","type-page","status-publish","has-post-thumbnail"],"_links":{"self":[{"href":"https:\/\/www.zincirmagazalar.org\/index.php?rest_route=\/wp\/v2\/pages\/264","targetHints":{"allow":["GET"]}}],"collection":[{"href":"https:\/\/www.zincirmagazalar.org\/index.php?rest_route=\/wp\/v2\/pages"}],"about":[{"href":"https:\/\/www.zincirmagazalar.org\/index.php?rest_route=\/wp\/v2\/types\/page"}],"author":[{"embeddable":true,"href":"https:\/\/www.zincirmagazalar.org\/index.php?rest_route=\/wp\/v2\/users\/1"}],"replies":[{"embeddable":true,"href":"https:\/\/www.zincirmagazalar.org\/index.php?rest_route=%2Fwp%2Fv2%2Fcomments&post=264"}],"version-history":[{"count":2,"href":"https:\/\/www.zincirmagazalar.org\/index.php?rest_route=\/wp\/v2\/pages\/264\/revisions"}],"predecessor-version":[{"id":267,"href":"https:\/\/www.zincirmagazalar.org\/index.php?rest_route=\/wp\/v2\/pages\/264\/revisions\/267"}],"wp:featuredmedia":[{"embeddable":true,"href":"https:\/\/www.zincirmagazalar.org\/index.php?rest_route=\/wp\/v2\/media\/265"}],"wp:attachment":[{"href":"https:\/\/www.zincirmagazalar.org\/index.php?rest_route=%2Fwp%2Fv2%2Fmedia&parent=264"}],"curies":[{"name":"wp","href":"https:\/\/api.w.org\/{rel}","templated":true}]}}