{"id":207,"date":"2019-09-16T11:59:35","date_gmt":"2019-09-16T11:59:35","guid":{"rendered":"https:\/\/new.kategorimagazaciligi.org\/?page_id=207"},"modified":"2021-04-21T12:34:16","modified_gmt":"2021-04-21T12:34:16","slug":"calisma-gruplari-2","status":"publish","type":"page","link":"https:\/\/www.zincirmagazalar.org\/?page_id=207","title":{"rendered":"\u00c7al\u0131\u015fma Gruplar\u0131"},"content":{"rendered":"\t\t<div data-elementor-type=\"wp-page\" data-elementor-id=\"207\" class=\"elementor elementor-207\">\n\t\t\t\t\t\t<section class=\"elementor-section elementor-top-section elementor-element elementor-element-7c3b059 elementor-section-boxed elementor-section-height-default elementor-section-height-default\" data-id=\"7c3b059\" data-element_type=\"section\">\n\t\t\t\t\t\t<div class=\"elementor-container elementor-column-gap-default\">\n\t\t\t\t\t<div class=\"elementor-column elementor-col-100 elementor-top-column elementor-element elementor-element-7cd22d9\" data-id=\"7cd22d9\" data-element_type=\"column\">\n\t\t\t<div class=\"elementor-widget-wrap elementor-element-populated\">\n\t\t\t\t\t\t<div class=\"elementor-element elementor-element-5b7e46b elementor-widget elementor-widget-text-editor\" data-id=\"5b7e46b\" data-element_type=\"widget\" data-widget_type=\"text-editor.default\">\n\t\t\t\t<div class=\"elementor-widget-container\">\n\t\t\t\t\t\t\t\t\t<p class=\"p1\"><b><img fetchpriority=\"high\" decoding=\"async\" class=\"aligncenter wp-image-208 size-full\" src=\"https:\/\/new.kategorimagazaciligi.org\/wp-content\/uploads\/2019\/09\/kmd-calisma-gruplar\u0131.jpg\" alt=\"\" width=\"1134\" height=\"482\" srcset=\"https:\/\/www.zincirmagazalar.org\/wp-content\/uploads\/2019\/09\/kmd-calisma-gruplar\u0131.jpg 1134w, https:\/\/www.zincirmagazalar.org\/wp-content\/uploads\/2019\/09\/kmd-calisma-gruplar\u0131-300x128.jpg 300w, https:\/\/www.zincirmagazalar.org\/wp-content\/uploads\/2019\/09\/kmd-calisma-gruplar\u0131-768x326.jpg 768w, https:\/\/www.zincirmagazalar.org\/wp-content\/uploads\/2019\/09\/kmd-calisma-gruplar\u0131-1024x435.jpg 1024w, https:\/\/www.zincirmagazalar.org\/wp-content\/uploads\/2019\/09\/kmd-calisma-gruplar\u0131-696x296.jpg 696w, https:\/\/www.zincirmagazalar.org\/wp-content\/uploads\/2019\/09\/kmd-calisma-gruplar\u0131-1068x454.jpg 1068w, https:\/\/www.zincirmagazalar.org\/wp-content\/uploads\/2019\/09\/kmd-calisma-gruplar\u0131-988x420.jpg 988w\" sizes=\"(max-width: 1134px) 100vw, 1134px\" \/><\/b><\/p><p class=\"p1\"><em><b>Mevzuat \u00c7al\u0131\u015fma Grubu<br \/><\/b><\/em><b>Ama\u00e7<br \/><\/b>Sekt\u00f6r\u00fc ilgilendiren t\u00fcm mevzuat konular\u0131n\u0131 takip ederek dernek g\u00f6r\u00fc\u015f\u00fc olu\u015fturmak.<\/p><p class=\"p1\"><b>Kat\u0131l\u0131mc\u0131 Profili<br \/><\/b>Zincir Ma\u011fazalar Derne\u011fi \u00fcyesi kurulu\u015flar\u0131n hukuk\u00e7ular\u0131n\u0131n ve ilgili uzmanlar\u0131n\u0131n kat\u0131l\u0131m\u0131yla toplant\u0131lar d\u00fczenlenir<\/p><p class=\"p1\"><em><b>\u0130leti\u015fim \u00c7al\u0131\u015fma Grubu<br \/><\/b><\/em><b>Ama\u00e7<br \/><\/b>Dernek \u00fcyelerinin ihtiya\u00e7 duyduklar\u0131 i\u00e7 ve d\u0131\u015f ileti\u015fim \u00e7al\u0131\u015fmalar\u0131n\u0131 s\u00fcrd\u00fcrmek,<br \/>Yeni \u00fcye kazand\u0131racak kurumsal \u00e7al\u0131\u015fmalar\u0131 ve etkinlikleri planlamak.<\/p><p class=\"p1\"><b>Kat\u0131l\u0131mc\u0131 Profili<br \/><\/b>Zincir Ma\u011fazalar Derne\u011fi \u00fcyesi kurulu\u015flar\u0131n kurumsal ili\u015fkiler, pazarlama yetkilileri ve ilgili uzmanlar\u0131n\u0131n kat\u0131l\u0131m\u0131yla toplant\u0131lar d\u00fczenlenir.<\/p><p class=\"p1\"><b><em>Uluslararas\u0131 \u0130li\u015fkiler \u00c7al\u0131\u015fma Grubu<\/em><br \/><\/b><b>Ama\u00e7<br \/><\/b>\u00dcyelerin uluslararas\u0131 uygulamalardan haberdar olmalar\u0131, uluslararas\u0131 i\u015f birliklerinin peki\u015ftirilmesi,<br \/>\u00c7al\u0131\u015fmalar\u0131m\u0131z\u0131 daha geni\u015f kapsaml\u0131 ve etkili hale getirecek etkinlikleri planlamak,<br \/>Zincir Ma\u011fazalar Derne\u011fi \u00e7at\u0131s\u0131 alt\u0131ndaki perakende kategorilerini ilgilendiren \u00f6rnek \u00e7al\u0131\u015fma ve ki\u015fileri Zincir Ma\u011fazalar Derne\u011fi ile bir araya getirmek.<\/p><p class=\"p1\"><b>Kat\u0131l\u0131mc\u0131 Profili<br \/><\/b>Zincir Ma\u011fazalar Derne\u011fi \u00fcyesi kurulu\u015flar\u0131n ilgili uzmanlar\u0131n\u0131n kat\u0131l\u0131m\u0131yla toplant\u0131lar d\u00fczenler.<\/p><p class=\"p1\"><b><em>Ara\u015ft\u0131rma \u00c7al\u0131\u015fma Grubu<\/em><br \/><\/b><b>Ama\u00e7<br \/><\/b>Zincir Ma\u011fazalar Derne\u011fi \u00e7at\u0131s\u0131 alt\u0131ndaki t\u00fcm kategorileri ilgilendiren genel ve \u00f6zel verileri olu\u015fturmak ve g\u00fcncellemek,<br \/>Sekt\u00f6r\u00fcn do\u011fru anlat\u0131labilmesi i\u00e7in bu verileri Ankara yetkilileri ve kamuoyuyla payla\u015f\u0131labilir hale getirmek,<br \/>Sekt\u00f6r i\u00e7inde var olan veri, analiz ve de\u011ferleme bo\u015flu\u011funu gidermek,<br \/>Dernek taraf\u0131ndan yap\u0131lan t\u00fcm a\u00e7\u0131klama, deme\u00e7 ve raporlar\u0131n bilimsel baza oturmas\u0131n\u0131 sa\u011flamak.<\/p><p class=\"p1\"><b>Kat\u0131l\u0131mc\u0131 Profili<br \/><\/b>Zincir Ma\u011fazalar Derne\u011fi \u00fcyesi kurulu\u015flar\u0131n ilgili uzmanlar\u0131n\u0131n kat\u0131l\u0131m\u0131yla toplant\u0131lar d\u00fczenler.<\/p><p class=\"p1\"><b><em>S\u00fcrd\u00fcr\u00fclebilirlik \u00c7al\u0131\u015fma Grubu<\/em><br \/><\/b><b>Ama\u00e7<br \/><\/b>Zincir Ma\u011fazalar Derne\u011fi vizyonu \u00e7er\u00e7evesinde, s\u00fcrd\u00fcr\u00fclebilirli\u011fin sekt\u00f6r i\u00e7inde ger\u00e7ek\u00e7i bir zemine oturmas\u0131n\u0131 sa\u011flamak,<br \/>Bu yetkinlikteki ki\u015fi ve kurulu\u015flar\u0131n \u00e7al\u0131\u015fmalar\u0131n\u0131 sekt\u00f6r ile bulu\u015fturmak.<\/p><p class=\"p1\"><b>Kat\u0131l\u0131mc\u0131 Profili<br \/><\/b>Zincir Ma\u011fazalar Derne\u011fi \u00fcyesi kurulu\u015flar\u0131n i\u015f geli\u015ftirme yetkilileri ve ilgili uzmanlar\u0131n\u0131n kat\u0131l\u0131m\u0131yla toplant\u0131lar d\u00fczenlenir.<\/p><p class=\"p1\"><b><em>Bili\u015fim Teknolojileri \u00c7al\u0131\u015fma Grubu<\/em><br \/><\/b><b>Ama\u00e7<br \/><\/b>Zincir Ma\u011fazalar Derne\u011fi vizyonu do\u011frultusunda, perakende sekt\u00f6r\u00fcndeki bili\u015fim teknolojilerinin yayg\u0131nla\u015fmas\u0131 ve en g\u00fcncel olan\u0131n\u0131n benimsenmesini sa\u011flamak,<br \/>Perakende Teknolojileri-Retail Tech Fuar\u0131\u2019n\u0131 2015 y\u0131l\u0131nda ger\u00e7ekle\u015fmesini sa\u011flamak,<br \/>BT uzmanlar\u0131 ile pazarlama ve firmalar\u0131n di\u011fer birimleri aras\u0131ndaki ili\u015fkilerin g\u00fc\u00e7lenmesini sa\u011flayacak \u00e7al\u0131\u015fmalar ger\u00e7ekle\u015ftirmek.<\/p><p class=\"p1\"><b>Kat\u0131l\u0131mc\u0131 Profili<br \/><\/b>Zincir Ma\u011fazalar Derne\u011fi \u00fcyesi kurulu\u015flar\u0131n IT uzmanlar\u0131, pazarlama yetkilileri ve ilgili uzmanlar\u0131n\u0131n kat\u0131l\u0131m\u0131yla toplant\u0131lar d\u00fczenlenir.<\/p>\t\t\t\t\t\t\t\t<\/div>\n\t\t\t\t<\/div>\n\t\t\t\t\t<\/div>\n\t\t<\/div>\n\t\t\t\t\t<\/div>\n\t\t<\/section>\n\t\t\t\t<\/div>\n\t\t","protected":false},"excerpt":{"rendered":"<p>Mevzuat \u00c7al\u0131\u015fma GrubuAma\u00e7Sekt\u00f6r\u00fc ilgilendiren t\u00fcm mevzuat konular\u0131n\u0131 takip ederek dernek g\u00f6r\u00fc\u015f\u00fc olu\u015fturmak. Kat\u0131l\u0131mc\u0131 ProfiliZincir Ma\u011fazalar Derne\u011fi \u00fcyesi kurulu\u015flar\u0131n hukuk\u00e7ular\u0131n\u0131n ve ilgili uzmanlar\u0131n\u0131n kat\u0131l\u0131m\u0131yla toplant\u0131lar d\u00fczenlenir \u0130leti\u015fim \u00c7al\u0131\u015fma GrubuAma\u00e7Dernek \u00fcyelerinin ihtiya\u00e7 duyduklar\u0131 i\u00e7 ve d\u0131\u015f ileti\u015fim \u00e7al\u0131\u015fmalar\u0131n\u0131 s\u00fcrd\u00fcrmek,Yeni \u00fcye kazand\u0131racak kurumsal \u00e7al\u0131\u015fmalar\u0131 ve etkinlikleri planlamak. Kat\u0131l\u0131mc\u0131 ProfiliZincir Ma\u011fazalar Derne\u011fi \u00fcyesi kurulu\u015flar\u0131n kurumsal ili\u015fkiler, pazarlama yetkilileri ve [&hellip;]<\/p>\n","protected":false},"author":1,"featured_media":208,"parent":0,"menu_order":0,"comment_status":"closed","ping_status":"closed","template":"","meta":{"footnotes":""},"class_list":["post-207","page","type-page","status-publish","has-post-thumbnail"],"_links":{"self":[{"href":"https:\/\/www.zincirmagazalar.org\/index.php?rest_route=\/wp\/v2\/pages\/207","targetHints":{"allow":["GET"]}}],"collection":[{"href":"https:\/\/www.zincirmagazalar.org\/index.php?rest_route=\/wp\/v2\/pages"}],"about":[{"href":"https:\/\/www.zincirmagazalar.org\/index.php?rest_route=\/wp\/v2\/types\/page"}],"author":[{"embeddable":true,"href":"https:\/\/www.zincirmagazalar.org\/index.php?rest_route=\/wp\/v2\/users\/1"}],"replies":[{"embeddable":true,"href":"https:\/\/www.zincirmagazalar.org\/index.php?rest_route=%2Fwp%2Fv2%2Fcomments&post=207"}],"version-history":[{"count":7,"href":"https:\/\/www.zincirmagazalar.org\/index.php?rest_route=\/wp\/v2\/pages\/207\/revisions"}],"predecessor-version":[{"id":1357,"href":"https:\/\/www.zincirmagazalar.org\/index.php?rest_route=\/wp\/v2\/pages\/207\/revisions\/1357"}],"wp:featuredmedia":[{"embeddable":true,"href":"https:\/\/www.zincirmagazalar.org\/index.php?rest_route=\/wp\/v2\/media\/208"}],"wp:attachment":[{"href":"https:\/\/www.zincirmagazalar.org\/index.php?rest_route=%2Fwp%2Fv2%2Fmedia&parent=207"}],"curies":[{"name":"wp","href":"https:\/\/api.w.org\/{rel}","templated":true}]}}